{"id":1217,"date":"2016-03-10T23:14:04","date_gmt":"2016-03-10T22:14:04","guid":{"rendered":"http:\/\/dxkop.sdxf.se\/?post_type=product&#038;p=1217"},"modified":"2023-04-16T10:47:15","modified_gmt":"2023-04-16T08:47:15","slug":"kurzwelle-aktuell-der-leitfaden-fur-kurzwellenhorer-und-dxer-1977-2002","status":"publish","type":"product","link":"https:\/\/dxkop.sdxf.se\/?product=kurzwelle-aktuell-der-leitfaden-fur-kurzwellenhorer-und-dxer-1977-2002","title":{"rendered":"Kurzwelle aktuell &#8211; Der Leitfaden f\u00fcr Kurzwellenh\u00f6rer und DXer (1977-2002)"},"content":{"rendered":"<p><span title=\"Der Fachjournalist und Autor Hermann J\u00e4ger (t\u00e4tig u.a. f\u00fcr die H\u00f6rZu, Frankfurter Allgemeine Zeitung, Neue Z\u00fcricher Zeitung, WAZ etc.) gab erstmals im Jahre 1977 ein 86 Seiten umfassendes Fachmagazin zum Thema \u201einternationaler Rundfunk\u201c im A-6-Format heraus.\">Journalisten och f\u00f6rfattaren Hermann J\u00e4ger (k\u00e4nd fr\u00e5n \u00a0h\u00f6rzu, Frankfurter Allgemeine Zeitung, Neue Z\u00fcrcher Zeitung, m m)\u00a0gav f\u00f6r\u00a0f\u00f6rsta g\u00e5ngen 1977, ut en 86-sidig tidning om &#8221;internationell radio&#8221; i A-6 format. <\/span><span title=\"Der Titel der Zeitschrift lautete \u201eKurzwelle aktuell\u201c.\">Titeln p\u00e5 tidningen var &#8221;Kurzwelle aktuell&#8221;. <\/span><\/p>\n<p><span title=\"Sie erschien zun\u00e4chst zweimal pro Jahr, ab 1980 viermal j\u00e4hrlich, im Hamburger Soldi Verlag.\">Den kom ut\u00a0tv\u00e5 g\u00e5nger per \u00e5r, fr\u00e5n 1980 fyra g\u00e5nger om \u00e5ret.<\/span><span title=\"Nach dem Tode J\u00e4gers im Jahre 1993 \u00fcbernahm Walter Eibl, langj\u00e4hriger und erfahrener Chefredakteur der AGDX-Zeitschrift \u201eweltweit h\u00f6ren\u201c auch die redaktionelle Betreuung von \u201eKurzwelle aktuell\u201c . \"><br \/>\n<\/span><span title=\"Die Zeitschrift zeichnete sich vor allem durch fundierte und ausf\u00fchrliche Hintergrundberichte zur internationalen Radioszene aus, brachte Interviews zum aktuellen Geschehen auf den kurzen Wellen, berichtete \u00fcber Trends, Fehlentwicklungen und Kurioses rund um den Globus. \">Tidningen pr\u00e4glades fr\u00e4mst av djupg\u00e5ende och detaljerade underlagsrapporter\u00a0fr\u00e5n den\u00a0internationella radioscenen, intervjuer om aktuella h\u00e4ndelser p\u00e5 kortv\u00e5g, den rapporterade om trender, avvikelser och kuriosa runt om i v\u00e4rlden.<\/span><\/p>\n<p><span title=\"\u2022 Portr\u00e4ts aller wichtigen Kurzwellenstationen und Auslandsdienste. \">\u2022 portr\u00e4tt av alla st\u00f6rre\u00a0kortv\u00e5gsstationer och utlandsprogram.<\/span><\/p>\n<p><span title=\"\u2022 Tipps f\u00fcr den Einsteiger: Die Kurzwelle, kurz erkl\u00e4rt \/ Acht Gebote f\u00fcr den Kurzwellen-H\u00f6rer \/ Elf Punkte, die helfen sollen, eine unbekannte Station zu identifizieren \/ Wir schreiben einen Empfangsbericht \/ Wir legen ein Logbuch an \/ Welche Antenne f\u00fcr besseren Empfang .\">\u2022 R\u00e5d till nyb\u00f6rjare:\u00a0 \u00c5tta\u00a0tips f\u00f6r kortv\u00e5g lyssnare \/ Elva punkter f\u00f6r att identifiera \/ Vi skriver en mottagningsrapport \/ Vi\u00a0g\u00f6r en loggbok \/ Vilken antenn\u00a0ger b\u00e4ttre mottagning av en ok\u00e4nd station.<\/span><\/p>\n<p><span title=\"\u2022 Eine regelm\u00e4\u00dfige Rubrik befasste sich mit dem \u201eKurzwellenjahr im Zeitraffer\u201c.\">\u2022 Ett \u00e5terkommande inslag handlade om &#8221;kortv\u00e5g\u00a0under en\u00a0tidsperiod&#8221;. <\/span><span title=\"Hier wurden die wichtigsten Ereignisse im internationalen Kurzwellen-Rundfunk in chronologischer Reihenfolge aufgez\u00e4hlt, beleuchtet und bewertet. \">H\u00e4r har de viktigaste h\u00e4ndelserna r\u00e4knats upp\u00a0av den internationella kortv\u00e5gss\u00e4ndningar i kronologisk ordning, markerat och utv\u00e4rderat.<\/span><\/p>\n<p><span title=\"\u2022 Vorwort des Verfassers: Hier kommentierte Hermann J\u00e4ger mit spitzer Feder die Ereignisse im internationalen Kurzwellen\u00e4ther, wies auf Missst\u00e4nde hin und legte \u2013 wenn n\u00f6tig \u2013 den Finger in die Wunde. \">\u2022 F\u00f6rfattarens F\u00f6rord: H\u00e4r kommenterade Hermann J\u00e4ger med en vass penna, h\u00e4ndelserna p\u00e5 de internationella kortv\u00e5g etern, pekade p\u00e5 brister och s\u00e4tter om n\u00f6dv\u00e4ndigt fingret\u00a0p\u00e5 s\u00e5ren.<\/span><\/p>\n<p><span title=\"Wir haben vom Soldi Verlag die Erlaubnis zur Digitalisierung und zum Vertrieb der insgesamt 95 Ausgaben von \u201eKurzwelle aktuell\u201c erhalten.\">ADDX har f\u00e5tt fr\u00e5n Soldi Publisher tillst\u00e5nd att digitalisera och distribuera 95 upplagor av &#8221;kortv\u00e5g f\u00f6r n\u00e4rvarande&#8221;. <\/span><span title=\"Nun liegen alle Hefte in digitaler Form im PDFFormat mit integrierter Volltext-Suchfunktion vor.\">Nu\u00a0finns alla fr\u00e5gor i digital form i PDF-format med integrerad fulltexts\u00f6kning funktion.<\/span><\/p>\n<ul>\n<li><b>CD-ROM:<\/b> 6368 Sidor<\/li>\n<li><b>Spr\u00e5k:<\/b> Tyska<\/li>\n<\/ul>\n<p><a href=\"http:\/\/dxkop.sdxf.se\/wp-content\/uploads\/2016\/03\/kw-aktuell.pdf\" rel=\"\">kw-aktuell2<\/a><\/p>\n","protected":false},"excerpt":{"rendered":"<p>Journalisten och f\u00f6rfattaren Hermann J\u00e4ger (k\u00e4nd fr\u00e5n \u00a0h\u00f6rzu, Frankfurter Allgemeine Zeitung, Neue Z\u00fcrcher Zeitung, m m)\u00a0gav f\u00f6r\u00a0f\u00f6rsta g\u00e5ngen 1977, ut en 86-sidig tidning om &#8221;internationell radio&#8221; i A-6 format. Titeln p\u00e5 tidningen var &#8221;Kurzwelle aktuell&#8221;. Den kom ut\u00a0tv\u00e5 g\u00e5nger per &hellip; <a class=\"more-link\" href=\"https:\/\/dxkop.sdxf.se\/?product=kurzwelle-aktuell-der-leitfaden-fur-kurzwellenhorer-und-dxer-1977-2002\">L\u00e4s mer <span class=\"meta-nav\">&rarr;<\/span><\/a><\/p>\n","protected":false},"featured_media":9863,"template":"","meta":[],"product_brand":[],"product_cat":[26,17],"product_tag":[],"class_list":{"0":"post-1217","1":"product","2":"type-product","3":"status-publish","4":"has-post-thumbnail","6":"product_cat-skivor","7":"product_cat-historik","9":"first","10":"instock","11":"shipping-taxable","12":"purchasable","13":"product-type-simple"},"jetpack_sharing_enabled":true,"_links":{"self":[{"href":"https:\/\/dxkop.sdxf.se\/index.php?rest_route=\/wp\/v2\/product\/1217","targetHints":{"allow":["GET"]}}],"collection":[{"href":"https:\/\/dxkop.sdxf.se\/index.php?rest_route=\/wp\/v2\/product"}],"about":[{"href":"https:\/\/dxkop.sdxf.se\/index.php?rest_route=\/wp\/v2\/types\/product"}],"wp:featuredmedia":[{"embeddable":true,"href":"https:\/\/dxkop.sdxf.se\/index.php?rest_route=\/wp\/v2\/media\/9863"}],"wp:attachment":[{"href":"https:\/\/dxkop.sdxf.se\/index.php?rest_route=%2Fwp%2Fv2%2Fmedia&parent=1217"}],"wp:term":[{"taxonomy":"product_brand","embeddable":true,"href":"https:\/\/dxkop.sdxf.se\/index.php?rest_route=%2Fwp%2Fv2%2Fproduct_brand&post=1217"},{"taxonomy":"product_cat","embeddable":true,"href":"https:\/\/dxkop.sdxf.se\/index.php?rest_route=%2Fwp%2Fv2%2Fproduct_cat&post=1217"},{"taxonomy":"product_tag","embeddable":true,"href":"https:\/\/dxkop.sdxf.se\/index.php?rest_route=%2Fwp%2Fv2%2Fproduct_tag&post=1217"}],"curies":[{"name":"wp","href":"https:\/\/api.w.org\/{rel}","templated":true}]}}