{"id":1239,"date":"2016-03-16T21:15:15","date_gmt":"2016-03-16T20:15:15","guid":{"rendered":"http:\/\/dxkop.sdxf.se\/?post_type=product&#038;p=1239"},"modified":"2021-01-16T20:28:00","modified_gmt":"2021-01-16T19:28:00","slug":"vasterbotten-radiominnen","status":"publish","type":"product","link":"https:\/\/dxkop.sdxf.se\/?product=vasterbotten-radiominnen","title":{"rendered":"V\u00e4sterbotten &#8211; Radiominnen"},"content":{"rendered":"<div data-canvas-width=\"450.27043035631675\">Radions historia i V\u00e4sterbotten \u00e4r temat f\u00f6r detta nummer av radio\u00adjournalisten Karin Nordberg, som numera \u00e4r knuten till id\u00e9historiska institutionen vid Ume\u00e5 universitet och arbetar med en avhandling om radion som folkbildare. Hon har energiskt deltagit i planeringen av numret och sammanst\u00e4llt det stora lokalhistoriska material som hon funnit under sin forskning.<\/div>\n<div data-canvas-width=\"450.27043035631675\"><\/div>\n<div data-canvas-width=\"450.27043035631675\"><\/div>\n<div data-canvas-width=\"424.0875520592319\">H\u00e4r beskriver hon radions framv\u00e4xt i l\u00e4net med de entusiastiska radioklubbarna som viktiga p\u00e5dri\u00advare, och p\u00e5minner om lasarettet i Ume\u00e5, som var f\u00f6rst i landet med radio f\u00f6r patienter. Hon lyfter fram den sp\u00e4nnande historien om skogsarbetarbr\u00f6derna i Lomsj\u00f6 som g\u00e4ckade myndigheterna f\u00f6r drygt 40 \u00e5r sedan med sin illegala s\u00e4ndare \u201dBlack Peter\u201d l\u00e5ngt<\/div>\n<div data-canvas-width=\"140.67431744562702\">f\u00f6re Radio Nord.<\/div>\n<div data-canvas-width=\"140.67431744562702\"><\/div>\n<div data-canvas-width=\"140.67431744562702\">Dessutom har Karin gett m\u00e5nga andra v\u00e4rdefulla uppslag, t.ex. historien om malmletare<\/div>\n<div data-canvas-width=\"112.2391485423415\">Erik L and\u00e9n, som p\u00e5 1920-talet skickades till en liten ort i norra l\u00e4nsdelen, d\u00e4r man enligt uppgift kunde h\u00f6ra radio utan vare sig antenn eller apparat. Hon har ocks\u00e5 f\u00f6rmedlat kontakten med H\u00e5ka n Cronsioe, filmpro\u00adducent och skapare av Svensk Tonfilm. Han var<\/div>\n<div data-canvas-width=\"450.7396575659416\">l\u00e4rare i R\u00f6d\u00e5sel p\u00e5 1940-talet och introducerade d\u00e5 skolradio och lyssnarcirklar. Han tecknar en bild av byn och radioupplevelserna d\u00e4r.<\/div>\n<div data-canvas-width=\"450.7396575659416\"><\/div>\n<div data-canvas-width=\"450.7396575659416\">\u00a0Bj\u00f6rn Olsson , id\u00e9historiker och l\u00e4rare vid bibliotekarieutbildningen vid Ume\u00e5 universitet, be\u00ad skriver DX-ing, en mycket popul\u00e4r hobby n\u00e5gra \u00e5rti\u00adonden efter andra v\u00e4rldskriget. Ungdomar satt en\u00ad samma eller i grupp klistrade framf\u00f6r sin mottagare och s\u00f6kte r\u00e4tt p\u00e5 sm\u00e5 stationer runt om i v\u00e4rlden. F\u00f6r att spegla verksamheten inom regional- och<\/div>\n<div data-canvas-width=\"451.0211938917169\">lokalradio samt V\u00e4sterbottens bidrag i riksradion har vi bett ett antal radiomedarbetare nedteckna n\u00e5gra minnesbilder. Under rubriken RadioR\u00f6ster presenteras ett collage kring en verksamhet som ocks\u00e5 \u00e4r del av v\u00e5r kulturhistoria &#8211; den ljudliga. D\u00e4r ber\u00e4ttar Hans Ja ckalin, \u00c5ke S\u00f6derlind, Sigvard Karlsson, Stig Stierna, Bo Johansson, Carl-Axel Nordenberg, Per Runesson, Kjell Ulfhielm, Gudrun Gran\u00e5sen, Leif Stenberg , Isa Edholm , Tommy<\/div>\n<div data-canvas-width=\"449.2005923183711\">Engman, Annika Melin, G\u00f6sta Dahlgren, Bertholof Br\u00e4nnstr\u00f6m , Robert Tedestedt, Torbj\u00f6rn Bergstr\u00f6m och Katarina Mazetti om arbetet med radio.<\/div>\n<div data-canvas-width=\"449.2005923183711\"><\/div>\n<p data-canvas-width=\"449.2005923183711\">De \u00e4ldsta bilderna \u00e4r h\u00e4mtade ur l\u00e4nsmuseets bildarkiv och Skellefte\u00e5 museums bildarkiv. Dess\u00adutom har radions arkiv, V\u00e4sterbottens Folkblad och privatpersoner l\u00e5nat ut foton vilket vi tackar f\u00f6r.<\/p>\n","protected":false},"excerpt":{"rendered":"<p>Radions historia i V\u00e4sterbotten \u00e4r temat f\u00f6r detta nummer av radio\u00adjournalisten Karin Nordberg, som numera \u00e4r knuten till id\u00e9historiska institutionen vid Ume\u00e5 universitet och arbetar med en avhandling om radion som folkbildare. Hon har energiskt deltagit i planeringen av numret &hellip; <a class=\"more-link\" href=\"https:\/\/dxkop.sdxf.se\/?product=vasterbotten-radiominnen\">L\u00e4s mer <span class=\"meta-nav\">&rarr;<\/span><\/a><\/p>\n","protected":false},"featured_media":1240,"template":"","meta":[],"product_brand":[],"product_cat":[13,17],"product_tag":[],"class_list":{"0":"post-1239","1":"product","2":"type-product","3":"status-publish","4":"has-post-thumbnail","6":"product_cat-bocker","7":"product_cat-historik","9":"first","10":"instock","11":"sale","12":"shipping-taxable","13":"purchasable","14":"product-type-simple"},"jetpack_sharing_enabled":true,"_links":{"self":[{"href":"https:\/\/dxkop.sdxf.se\/index.php?rest_route=\/wp\/v2\/product\/1239","targetHints":{"allow":["GET"]}}],"collection":[{"href":"https:\/\/dxkop.sdxf.se\/index.php?rest_route=\/wp\/v2\/product"}],"about":[{"href":"https:\/\/dxkop.sdxf.se\/index.php?rest_route=\/wp\/v2\/types\/product"}],"wp:featuredmedia":[{"embeddable":true,"href":"https:\/\/dxkop.sdxf.se\/index.php?rest_route=\/wp\/v2\/media\/1240"}],"wp:attachment":[{"href":"https:\/\/dxkop.sdxf.se\/index.php?rest_route=%2Fwp%2Fv2%2Fmedia&parent=1239"}],"wp:term":[{"taxonomy":"product_brand","embeddable":true,"href":"https:\/\/dxkop.sdxf.se\/index.php?rest_route=%2Fwp%2Fv2%2Fproduct_brand&post=1239"},{"taxonomy":"product_cat","embeddable":true,"href":"https:\/\/dxkop.sdxf.se\/index.php?rest_route=%2Fwp%2Fv2%2Fproduct_cat&post=1239"},{"taxonomy":"product_tag","embeddable":true,"href":"https:\/\/dxkop.sdxf.se\/index.php?rest_route=%2Fwp%2Fv2%2Fproduct_tag&post=1239"}],"curies":[{"name":"wp","href":"https:\/\/api.w.org\/{rel}","templated":true}]}}